{"id":150,"date":"2020-02-12T13:28:13","date_gmt":"2020-02-12T13:28:13","guid":{"rendered":"https:\/\/www.itamures.ro\/?page_id=150"},"modified":"2020-03-04T13:10:04","modified_gmt":"2020-03-04T13:10:04","slug":"gdpr-prelucrare-date-cu-caracter-personal","status":"publish","type":"page","link":"https:\/\/www.itamures.ro\/en\/gdpr-prelucrare-date-cu-caracter-personal\/","title":{"rendered":"GDPR &#8211; prelucrare date cu caracter personal"},"content":{"rendered":"\n<h3 class=\"wp-block-heading\"><strong>Informa\u021bii generale despre utilizarea datelor cu caracter personal<\/strong><\/h3>\n\n\n\n<p>Datele personale introduse de utilizatorii site-ului sunt folosite \u00een mod strict doar pentru scopul pentru care au fost furnizate, datele de contact furnizate sunt utilizate pentru a r\u0103spunde solicit\u0103rilor dvs.<\/p>\n\n\n\n<p>Conform Regulamentului UE nr 679\/2016,privind protec\u021bia persoanelor fizice \u00een ceea ce prive\u0219te prelucrarea datelor cu caracter personal \u0219i libera circula\u021bie a acestor date, aplicat \u00een toate statele membre ale Uniunii Europene \u00eencep\u00e2nd cu data de 25 Mai 2018, este necesar s\u0103 fie \u00een\u021belese obliga\u021biile \u0219i drepturile fiec\u0103ruia dintre p\u0103r\u021bi, fie controlor, operator, angajat, fie utilizator, beneficiar.<\/p>\n\n\n\n<p>Datele personale reprezint\u0103 orice informa\u021bie prin care se poate identifica direct sau indirect o persoan\u0103, prin referire la diver\u0219i factori precum aspecte alte identit\u0103\u021bii sale fizice, economice, psihologice, culturale sau sociale.<\/p>\n\n\n\n<p>Prelucrarea datelor personale reprezint\u0103 ansamblul de opera\u021biuni care se efectueaz\u0103 asupra datelor cu caracter personal precum: colectarea, \u00eenregistrarea, stocarea, consultarea, utilizarea, dezv\u0103luirea c\u0103tre ter\u021bi prin transmitere, blocarea, \u0219tergerea sau distrugerea lor.<\/p>\n\n\n\n<p>Consim\u021b\u0103m\u00e2ntul reprezint\u0103 orice manifestare de voin\u021b\u0103 liber\u0103, specific\u0103, informat\u0103 \u0219i lipsit\u0103 de ambiguitate, prin care persoana vizat\u0103 accept\u0103 printr-o declara\u021bie sau ac\u021biune f\u0103r\u0103 echivoc, ca datele cu caracter personal care o privesc s\u0103 fie prelucrate.<\/p>\n\n\n\n<h3 class=\"wp-block-heading\"><strong>Modalitatea de colectare \u0219i prelucrare a datelor cu caracter personal<\/strong><\/h3>\n\n\n\n<p>S.C. International Transport Auto SRL \u00een calitate de proprietar\/administrator, asigur\u0103 utilizatorii site-ului<a href=\"https:\/\/mncr.ro\"> <\/a>itamures.ro c\u0103 datele cu caracter personal furnizate la accesarea sau completarea formularelor de pe acest site, vor fi p\u0103strate \u00een condi\u021bii de siguran\u021b\u0103, fiind utilizate metode \u0219i tehnici de securitate, precum utilizarea calculatoarelor pe baz\u0103 de parol\u0103, mentenan\u021b\u0103 dispozitive \u00een baza unui contract de confiden\u021bialitate cu o firm\u0103 specializat\u0103, loca\u021bia fiind supravegheat\u0103 at\u00e2t video c\u00e2t \u0219i prin servicii de paz\u0103 \u0219i politici interne aplicabile angaja\u021bilor, pentru protec\u021bia datelor personale colectate, iar acestea nu vor fi transmise\/dezv\u0103luite unor ter\u021bi dec\u00e2t \u00een condi\u021biile legii.<\/p>\n\n\n\n<p>Utiliz\u0103m servicii de g\u0103zduire pe baza unui contract prin care furnizorul garanteaz\u0103 confiden\u021bialitatea datelor stocate. Datele vor fi stocate \u0219i prelucrate doar pe teritoriul UE, nu vor fi rev\u00e2ndute sau oferite ter\u021belor persoane.<\/p>\n\n\n\n<p>Au fost implementate reguli \u0219i reglement\u0103ri privind accesul pentru utilizarea sistemului \u00een care sunt prelucrate datele cu caracter personal. Datele vor fi \u021binute \u00een secret \u0219i accesul va fi limitat la angaja\u021bii no\u0219tri sau parteneri \u00een baza unui contract de confiden\u021bialitate \u0219i strict pentru a executa contractul nostru.<\/p>\n\n\n\n<p>Perioada de stocare a datelor personale este de 5\/10 ani sau vor fi \u0219terse la cererea clientului.<\/p>\n\n\n\n<h3 class=\"wp-block-heading\"><strong>\u00cen contextul prelucr\u0103rii datelor cu caracter personal, drepturile persoanelor vizate sunt:<\/strong><\/h3>\n\n\n\n<ul class=\"wp-block-list\"><li>Dreptul de a fi informat de c\u0103tre operator c\u0103 datele sale au fost colectate la momentul colect\u0103rii \u0219i ce se va \u00eent\u00e2mpla cu acestea, \u00een ce scop sunt prelucrate, cui le-ar putea dezv\u0103lui, care sunt consecin\u021bele refuzului de a furniza date.<\/li><li>Dreptul de acces la date \u00een mod gratuit, la cerere, o singur\u0103 dat\u0103 \u00eentr-un an pentru a primi confirmarea din partea operatorului c\u0103 datele sunt sau nu prelucrate de acesta. Operatorul este obligat, \u00een cazul \u00een care prelucreaz\u0103 date cu caracter personal ce privesc solicitantul, s\u0103 \u00eei comunice acestuia \u00eentr-o form\u0103 inteligibil\u0103<ul><li>informa\u021bii referitoare la scopul prelucr\u0103rii, datele avute \u00een vedere \u0219i destinatarii c\u0103rora le sunt dezv\u0103luite datele;<\/li><li>informa\u021bii cu privire la originea datelor \u0219i principiile de func\u021bionare a mecanismului prin care se efectueaz\u0103 orice prelucrare automat\u0103 a datelor care vizeaz\u0103 persoana respectiv\u0103;<\/li><li>informa\u021bii privind existen\u021ba dreptului de interven\u021bie asupra datelor \u0219i a dreptului de opozi\u021bie \u0219i condi\u021biile \u00een care pot fi exercitate;<\/li><li>informa\u021bii asupra posibilit\u0103\u021bii de a consulta registrul de eviden\u021b\u0103 a prelucr\u0103rilor de date cu caracter personal, de a \u00eenainta pl\u00e2ngere c\u0103tre autoritatea de supraveghere \u0219i de a se adresa instan\u021bei pentru atacarea deciziilor operatorului.<\/li><\/ul><\/li><li>Toate informa\u021biile de la punctul anterior pot fi solicitate de c\u0103tre persoana vizat\u0103 printr-o cerere \u00een scris, datat\u0103 \u0219i semnat\u0103, specific\u00e2nd adresa la care dore\u0219te s\u0103 primeasc\u0103 informa\u021biile, fie po\u0219ta electronic\u0103, fie printr-un serviciu de coresponden\u021b\u0103 prin care s\u0103 se asigure c\u0103 predarea i se va face numai personal.<\/li><li>Operatorul este obligat s\u0103 comunice informa\u021biile solicitate \u00een termen de 15 zile de la data primirii cererii, cu respectarea op\u021biunilor solicitantului.<\/li><li>Dreptul de a solicita rectificarea, actualizarea, blocarea, anonimizarea sau \u0219tergerea datelor care nu sunt conforme, mai exact sunt incomplete sau inexacte.<\/li><li>Dreptul de a se opune \u00een orice moment ca datele care o vizeaz\u0103, s\u0103 fie prelucrate \u00een scop de marketing, \u00een numele operatorului sau al unui ter\u021b, sau s\u0103 fie dezv\u0103luite unor ter\u021bi \u00een acest scop.<\/li><li>Dreptul de a cere \u0219i de a ob\u021bine retragerea sau anularea deciziilor care produc efecte juridice \u00een privin\u021ba sa, adoptat\u0103 pe baza unei prelucr\u0103ri de date cu caracter personal, destinat\u0103 s\u0103 evalueze aspecte ale personalit\u0103\u021bii sale, precum competen\u021ba profesional\u0103, credibilitatea, comportamentul, etc.<\/li><li>Dreptul de a transfera datele personale de la un furnizor de servicii la altul.<\/li><li>Dreptul de a se adresa autorit\u0103\u021bilor competente \u00een cazul \u00eenc\u0103lc\u0103rii de c\u0103tre operator a drepturilor lor legate de prelucrarea datelor cu caracter personal \u0219i pot reclama nerespectarea drepturilor garantate de legisla\u021bia aplicabil\u0103.<\/li><\/ul>\n\n\n\n<p>De asemenea, v\u0103 este recunoscut dreptul de a depune pl\u00e2ngere la A.N.S.P.D.C.P (Autoritatea Na\u021bional\u0103 de Supraveghere a Prelucr\u0103rii Datelor cu Caracter Personal) din B-dul G-ral Gheorghe Margheru 28-30, Sector 1, cod po\u0219tal 010336, Bucure\u0219ti, Rom\u00e2nia, fax +40.318.059.602, adresa de email <a href=\"mailto:anspdcp@dataprotection.ro\">anspdcp@dataprotection.ro<\/a><\/p>\n\n\n\n<h3 class=\"wp-block-heading\"><strong>Drepturile Utilizatorilor in cadrul reglementarii GDPR:<\/strong><\/h3>\n\n\n\n<p>Recomand\u0103m utilizatorilor s\u0103 se informeze asupra dreptului de acces la datele care se colecteaz\u0103, dreptul la rectificare, dreptul de \u0219tergere a datelor (dreptul de a fi uitat), dreptul la restric\u021bionarea prelucr\u0103rii, dreptul la portabilitatea datelor \u0219i dreptul la opozi\u021bie, articolele 12-13 din reglemantarea GDPR, accesibil aici:<a href=\"http:\/\/www.privacy-regulation.eu\/ro\/\"> http:\/\/www.privacy-regulation.eu\/ro\/<\/a><br><\/p>\n\n\n\n<p>V\u0103 rug\u0103m s\u0103 accesa\u021bi si s\u0103 citi\u021bi \u0219i pagina de <a href=\"https:\/\/www.itamures.ro\/termeni-si-conditii\/\">Termeni \u0219i condi\u021bii<\/a> a acestui site!<br><\/p>\n","protected":false},"excerpt":{"rendered":"<p>Informa\u021bii generale despre utilizarea datelor cu caracter personal Datele personale introduse de utilizatorii site-ului sunt [&hellip;]<\/p>\n","protected":false},"author":1,"featured_media":0,"parent":0,"menu_order":0,"comment_status":"closed","ping_status":"closed","template":"","meta":{"_uag_custom_page_level_css":"","footnotes":""},"class_list":["post-150","page","type-page","status-publish","hentry"],"yoast_head":"<!-- This site is optimized with the Yoast SEO plugin v25.6 - https:\/\/yoast.com\/wordpress\/plugins\/seo\/ -->\n<title>GDPR - prelucrare date cu caracter personal<\/title>\n<meta name=\"robots\" content=\"index, follow, max-snippet:-1, max-image-preview:large, max-video-preview:-1\" \/>\n<link rel=\"canonical\" href=\"https:\/\/www.itamures.ro\/en\/gdpr-prelucrare-date-cu-caracter-personal\/\" \/>\n<meta property=\"og:locale\" content=\"en_US\" \/>\n<meta property=\"og:locale:alternate\" content=\"ro_RO\" \/>\n<meta property=\"og:type\" content=\"article\" \/>\n<meta property=\"og:title\" content=\"GDPR - prelucrare date cu caracter personal\" \/>\n<meta property=\"og:description\" content=\"Informa\u021bii generale despre utilizarea datelor cu caracter personal Datele personale introduse de utilizatorii site-ului sunt [&hellip;]\" \/>\n<meta property=\"og:url\" content=\"https:\/\/www.itamures.ro\/en\/gdpr-prelucrare-date-cu-caracter-personal\/\" \/>\n<meta property=\"og:site_name\" content=\"ITA Mures\" \/>\n<meta property=\"article:modified_time\" content=\"2020-03-04T13:10:04+00:00\" \/>\n<meta name=\"twitter:card\" content=\"summary_large_image\" \/>\n<meta name=\"twitter:label1\" content=\"Est. reading time\" \/>\n\t<meta name=\"twitter:data1\" content=\"5 minutes\" \/>\n<script type=\"application\/ld+json\" class=\"yoast-schema-graph\">{\"@context\":\"https:\/\/schema.org\",\"@graph\":[{\"@type\":\"WebPage\",\"@id\":\"https:\/\/www.itamures.ro\/gdpr-prelucrare-date-cu-caracter-personal\/\",\"url\":\"https:\/\/www.itamures.ro\/gdpr-prelucrare-date-cu-caracter-personal\/\",\"name\":\"GDPR - prelucrare date cu caracter personal\",\"isPartOf\":{\"@id\":\"https:\/\/www.itamures.ro\/#website\"},\"datePublished\":\"2020-02-12T13:28:13+00:00\",\"dateModified\":\"2020-03-04T13:10:04+00:00\",\"breadcrumb\":{\"@id\":\"https:\/\/www.itamures.ro\/gdpr-prelucrare-date-cu-caracter-personal\/#breadcrumb\"},\"inLanguage\":\"en-US\",\"potentialAction\":[{\"@type\":\"ReadAction\",\"target\":[\"https:\/\/www.itamures.ro\/gdpr-prelucrare-date-cu-caracter-personal\/\"]}]},{\"@type\":\"BreadcrumbList\",\"@id\":\"https:\/\/www.itamures.ro\/gdpr-prelucrare-date-cu-caracter-personal\/#breadcrumb\",\"itemListElement\":[{\"@type\":\"ListItem\",\"position\":1,\"name\":\"Prima pagin\u0103\",\"item\":\"https:\/\/www.itamures.ro\/\"},{\"@type\":\"ListItem\",\"position\":2,\"name\":\"GDPR &#8211; prelucrare date cu caracter personal\"}]},{\"@type\":\"WebSite\",\"@id\":\"https:\/\/www.itamures.ro\/#website\",\"url\":\"https:\/\/www.itamures.ro\/\",\"name\":\"ITA Mures\",\"description\":\"International Transport Auto\",\"publisher\":{\"@id\":\"https:\/\/www.itamures.ro\/#organization\"},\"potentialAction\":[{\"@type\":\"SearchAction\",\"target\":{\"@type\":\"EntryPoint\",\"urlTemplate\":\"https:\/\/www.itamures.ro\/?s={search_term_string}\"},\"query-input\":{\"@type\":\"PropertyValueSpecification\",\"valueRequired\":true,\"valueName\":\"search_term_string\"}}],\"inLanguage\":\"en-US\"},{\"@type\":\"Organization\",\"@id\":\"https:\/\/www.itamures.ro\/#organization\",\"name\":\"ITA Mures\",\"url\":\"https:\/\/www.itamures.ro\/\",\"logo\":{\"@type\":\"ImageObject\",\"inLanguage\":\"en-US\",\"@id\":\"https:\/\/www.itamures.ro\/#\/schema\/logo\/image\/\",\"url\":\"https:\/\/www.itamures.ro\/wp-content\/uploads\/2020\/02\/lol5.png\",\"contentUrl\":\"https:\/\/www.itamures.ro\/wp-content\/uploads\/2020\/02\/lol5.png\",\"width\":175,\"height\":122,\"caption\":\"ITA Mures\"},\"image\":{\"@id\":\"https:\/\/www.itamures.ro\/#\/schema\/logo\/image\/\"}}]}<\/script>\n<!-- \/ Yoast SEO plugin. -->","yoast_head_json":{"title":"GDPR - prelucrare date cu caracter personal","robots":{"index":"index","follow":"follow","max-snippet":"max-snippet:-1","max-image-preview":"max-image-preview:large","max-video-preview":"max-video-preview:-1"},"canonical":"https:\/\/www.itamures.ro\/en\/gdpr-prelucrare-date-cu-caracter-personal\/","og_locale":"en_US","og_type":"article","og_title":"[:ro]GDPR - prelucrare date cu caracter personal[:] - ITA Mures","og_description":"Informa\u021bii generale despre utilizarea datelor cu caracter personal Datele personale introduse de utilizatorii site-ului sunt [&hellip;]","og_url":"https:\/\/www.itamures.ro\/en\/gdpr-prelucrare-date-cu-caracter-personal\/","og_site_name":"ITA Mures","article_modified_time":"2020-03-04T13:10:04+00:00","twitter_card":"summary_large_image","twitter_misc":{"Est. reading time":"5 minutes"},"schema":{"@context":"https:\/\/schema.org","@graph":[{"@type":"WebPage","@id":"https:\/\/www.itamures.ro\/gdpr-prelucrare-date-cu-caracter-personal\/","url":"https:\/\/www.itamures.ro\/gdpr-prelucrare-date-cu-caracter-personal\/","name":"GDPR - prelucrare date cu caracter personal","isPartOf":{"@id":"https:\/\/www.itamures.ro\/#website"},"datePublished":"2020-02-12T13:28:13+00:00","dateModified":"2020-03-04T13:10:04+00:00","breadcrumb":{"@id":"https:\/\/www.itamures.ro\/gdpr-prelucrare-date-cu-caracter-personal\/#breadcrumb"},"inLanguage":"en-US","potentialAction":[{"@type":"ReadAction","target":["https:\/\/www.itamures.ro\/gdpr-prelucrare-date-cu-caracter-personal\/"]}]},{"@type":"BreadcrumbList","@id":"https:\/\/www.itamures.ro\/gdpr-prelucrare-date-cu-caracter-personal\/#breadcrumb","itemListElement":[{"@type":"ListItem","position":1,"name":"Prima pagin\u0103","item":"https:\/\/www.itamures.ro\/"},{"@type":"ListItem","position":2,"name":"GDPR &#8211; prelucrare date cu caracter personal"}]},{"@type":"WebSite","@id":"https:\/\/www.itamures.ro\/#website","url":"https:\/\/www.itamures.ro\/","name":"ITA Mures","description":"International Transport Auto","publisher":{"@id":"https:\/\/www.itamures.ro\/#organization"},"potentialAction":[{"@type":"SearchAction","target":{"@type":"EntryPoint","urlTemplate":"https:\/\/www.itamures.ro\/?s={search_term_string}"},"query-input":{"@type":"PropertyValueSpecification","valueRequired":true,"valueName":"search_term_string"}}],"inLanguage":"en-US"},{"@type":"Organization","@id":"https:\/\/www.itamures.ro\/#organization","name":"ITA Mures","url":"https:\/\/www.itamures.ro\/","logo":{"@type":"ImageObject","inLanguage":"en-US","@id":"https:\/\/www.itamures.ro\/#\/schema\/logo\/image\/","url":"https:\/\/www.itamures.ro\/wp-content\/uploads\/2020\/02\/lol5.png","contentUrl":"https:\/\/www.itamures.ro\/wp-content\/uploads\/2020\/02\/lol5.png","width":175,"height":122,"caption":"ITA Mures"},"image":{"@id":"https:\/\/www.itamures.ro\/#\/schema\/logo\/image\/"}}]}},"uagb_featured_image_src":{"full":false,"thumbnail":false,"medium":false,"medium_large":false,"large":false,"1536x1536":false,"2048x2048":false},"uagb_author_info":{"display_name":"Administrator","author_link":"https:\/\/www.itamures.ro\/en\/author\/administrator-itams\/"},"uagb_comment_info":0,"uagb_excerpt":"Informa\u021bii generale despre utilizarea datelor cu caracter personal Datele personale introduse de utilizatorii site-ului sunt [&hellip;]","_links":{"self":[{"href":"https:\/\/www.itamures.ro\/en\/wp-json\/wp\/v2\/pages\/150","targetHints":{"allow":["GET"]}}],"collection":[{"href":"https:\/\/www.itamures.ro\/en\/wp-json\/wp\/v2\/pages"}],"about":[{"href":"https:\/\/www.itamures.ro\/en\/wp-json\/wp\/v2\/types\/page"}],"author":[{"embeddable":true,"href":"https:\/\/www.itamures.ro\/en\/wp-json\/wp\/v2\/users\/1"}],"replies":[{"embeddable":true,"href":"https:\/\/www.itamures.ro\/en\/wp-json\/wp\/v2\/comments?post=150"}],"version-history":[{"count":3,"href":"https:\/\/www.itamures.ro\/en\/wp-json\/wp\/v2\/pages\/150\/revisions"}],"predecessor-version":[{"id":578,"href":"https:\/\/www.itamures.ro\/en\/wp-json\/wp\/v2\/pages\/150\/revisions\/578"}],"wp:attachment":[{"href":"https:\/\/www.itamures.ro\/en\/wp-json\/wp\/v2\/media?parent=150"}],"curies":[{"name":"wp","href":"https:\/\/api.w.org\/{rel}","templated":true}]}}